{"id":279507,"date":"2021-01-18T12:31:01","date_gmt":"2021-01-18T12:31:01","guid":{"rendered":"https:\/\/www.sanier.pl\/produkt\/a930-easy-filler-pro-bostik\/"},"modified":"2026-02-24T11:47:11","modified_gmt":"2026-02-24T11:47:11","slug":"a930-easy-filler-pro-bostik","status":"publish","type":"product","link":"https:\/\/www.sanier.pl\/sk\/produkt\/a930-easy-filler-pro-bostik\/","title":{"rendered":"A930 EASY FILLER PRO - BOSTIK"},"content":{"rendered":"<p>[vc_row][vc_column][vc_column_text]<img loading=\"lazy\" decoding=\"async\" class=\"size-full wp-image-3280 aligncenter\" src=\"https:\/\/sanier.pl\/wp-content\/uploads\/2017\/03\/bostik-logo-e1490989222630.jpg\" alt=\"bostik logo\" width=\"300\" height=\"111\" \/><\/p>\n<div class=\"flex max-w-full flex-col flex-grow\">\n<div class=\"min-h-8 text-message relative flex w-full flex-col items-end gap-2 whitespace-normal break-words text-start [.text-message+&amp;]:mt-5\" dir=\"auto\" data-message-author-role=\"assistant\" data-message-id=\"36c64871-4af3-465e-9b0c-379af41605d8\" data-message-model-slug=\"gpt-4o-mini\">\n<div class=\"flex w-full flex-col gap-1 empty:hidden first:pt-[3px]\">\n<h2 data-start=\"0\" data-end=\"26\">A930 Akryl EASY FILLER PRO<\/h2>\n<p data-start=\"28\" data-end=\"731\">A930 od zna\u010dky Bostik je r\u00fdchlo p\u00f4sobiaci akryl. Ide o kombin\u00e1ciu tradi\u010dn\u00e9ho akrylov\u00e9ho tmelu s pripravenou na pou\u017eitie \u0161pacht\u013eovacou hmotou. Mo\u017enos\u0165 ma\u013eovania a br\u00fasenia produktu. Vyzna\u010duje sa ultra \u013eahkou formulkou a bielym odtie\u0148om. Minimalizuje riziko vzniku trhl\u00edn a zafarbenia farieb. Produkt je pripraven\u00fd na pou\u017eitie ako tmel a \u0161pacht\u013eovac\u00ed materi\u00e1l, ide\u00e1lny na r\u00fdchle opravy a spojenia v interi\u00e9roch. Na zapr\u00e1vky, vyplnenie sp\u00e1r, otvorov, dier, maskovanie hl\u00e1v po skrutk\u00e1ch, opravu trhl\u00edn, praskl\u00edn, tesnenie \u0161k\u00e1r v omietkach, gypse, sadrokart\u00f3nov\u00fdch dosk\u00e1ch, blokoch, bet\u00f3ne, dreve, \u0161tukoch at\u010f. Such\u00e1 v\u00fdstavba, mont\u00e1\u017e vstavan\u00fdch skr\u00ed\u0148, n\u00e1bytkov\u00fdch stol\u00e1rskych prvkov, stenov\u00fdch panelov a pod.<\/p>\n<h4 data-start=\"733\" data-end=\"755\">Vlastnosti Akrylu A930<\/h4>\n<ul data-start=\"757\" data-end=\"1325\">\n<li data-start=\"757\" data-end=\"856\">2 v 1, teda kombin\u00e1cia tradi\u010dn\u00e9ho akrylov\u00e9ho tmelu s pripravenou na pou\u017eitie \u0161pacht\u013eovacou hmotou<\/li>\n<li data-start=\"857\" data-end=\"931\">M\u00f4\u017ee sa ma\u013eova\u0165 vodn\u00fdmi a syntetick\u00fdmi farbami (u\u017e 20 min\u00fat po nanesen\u00ed)<\/li>\n<li data-start=\"932\" data-end=\"965\">Produkt na b\u00e1ze technol\u00f3gie UCA<\/li>\n<li data-start=\"966\" data-end=\"1020\">Minimalizuje riziko vzniku trhl\u00edn a zafarbenia farby<\/li>\n<li data-start=\"1021\" data-end=\"1140\">Produkt ur\u010den\u00fd na aplik\u00e1ciu v jednej vrstve, na ak\u00fako\u013evek hr\u00fabku a prierez, bez rizika trhl\u00edn sp\u00f4soben\u00fdch zmr\u0161\u0165ovan\u00edm<\/li>\n<li data-start=\"1141\" data-end=\"1177\">Minim\u00e1lne mno\u017estvo str\u00e1t materi\u00e1lu<\/li>\n<li data-start=\"1178\" data-end=\"1228\">Elastick\u00e1 sp\u00e1ra s rovnomern\u00fdm a hladk\u00fdm povrchom<\/li>\n<li data-start=\"1229\" data-end=\"1264\">Produkt mo\u017eno br\u00fasi\u0165 po vyschnut\u00ed<\/li>\n<li data-start=\"1265\" data-end=\"1307\">Nesp\u00f4sobuje kor\u00f3ziu pri kontakte s kovmi<\/li>\n<li data-start=\"1308\" data-end=\"1325\">Nenech\u00e1va stopy<\/li>\n<\/ul>\n<h4 data-start=\"1327\" data-end=\"1335\">Pou\u017eitie<\/h4>\n<ul data-start=\"1337\" data-end=\"1467\">\n<li data-start=\"1337\" data-end=\"1401\">Na statick\u00e9 spojenia alebo spojenia s malou deformovate\u013enos\u0165ou<\/li>\n<li data-start=\"1402\" data-end=\"1423\">Ako tmel a \u0161pacht\u013ea<\/li>\n<li data-start=\"1424\" data-end=\"1467\">Na r\u00fdchle opravy a spojenia v interi\u00e9roch<\/li>\n<\/ul>\n<h4 data-start=\"1469\" data-end=\"1481\">Dokument\u00e1cia<\/h4>\n<ul data-start=\"1483\" data-end=\"1523\">\n<li data-start=\"1483\" data-end=\"1500\">PN-EN 13963: 1A<\/li>\n<li data-start=\"1501\" data-end=\"1523\">DWU \u010d. 18001001-1501<\/li>\n<\/ul>\n<h4 data-start=\"1525\" data-end=\"1542\">Doba trvanlivosti<\/h4>\n<ul data-start=\"1544\" data-end=\"1586\">\n<li data-start=\"1544\" data-end=\"1586\">12 mesiacov pri teplote od +5\u00b0C do +25\u00b0C<\/li>\n<\/ul>\n<h4 data-start=\"1588\" data-end=\"1593\">Farba<\/h4>\n<ul data-start=\"1595\" data-end=\"1602\">\n<li data-start=\"1595\" data-end=\"1602\">Biela<\/li>\n<\/ul>\n<h4 data-start=\"1604\" data-end=\"1618\">Rozsah dod\u00e1vky<\/h4>\n<ul data-start=\"1620\" data-end=\"1635\" data-is-last-node=\"\" data-is-only-node=\"\">\n<li data-start=\"1620\" data-end=\"1635\" data-is-last-node=\"\">Kart\u00f3n 280 ml<\/li>\n<\/ul>\n<\/div>\n<\/div>\n<\/div>\n<div class=\"mb-2 flex gap-3 -ml-2\" tabindex=\"0\">\n<div class=\"flex items-center justify-start rounded-xl p-1\">\n<div class=\"flex items-center\"><\/div>\n<\/div>\n<\/div>\n<p>[\/vc_column_text][\/vc_column][\/vc_row][vc_row][vc_column][vc_column_text]<\/p>\n<p>&nbsp;<\/p>\n<p>&nbsp;<\/p>\n<p>&nbsp;<\/p>\n<div class=\"flex max-w-full flex-col flex-grow\">\n<div class=\"min-h-8 text-message relative flex w-full flex-col items-end gap-2 whitespace-normal break-words text-start [.text-message+&amp;]:mt-5\" dir=\"auto\" data-message-author-role=\"assistant\" data-message-id=\"9e54b0e5-5769-45fa-9328-1211bac8e816\" data-message-model-slug=\"gpt-4o-mini\">\n<div class=\"flex w-full flex-col gap-1 empty:hidden first:pt-[3px]\">\n<h3 data-start=\"0\" data-end=\"24\">TYPY STAVEBN\u00ddCH AKRYLOV:<\/h3>\n<h4 data-start=\"26\" data-end=\"52\">Akrylov\u00e9 tmelia na omietky<\/h4>\n<p data-start=\"54\" data-end=\"142\">S\u00fa ide\u00e1lnym tmelom na tesnenie spojov medzi omietkou a r\u00f4znymi poterami alebo podlahami.<\/p>\n<p data-start=\"144\" data-end=\"281\">Maj\u00fa vysok\u00fd obsah plniva v podobe mal\u00fdch kamienkov, \u010do sp\u00f4sobuje, \u017ee s\u00fa m\u00e1lo vidite\u013en\u00e9 ako vyplnenie v mieste spoja na omietnutej ploche.<\/p>\n<h4 data-start=\"283\" data-end=\"311\">Akrylov\u00e9 tmelia na ma\u013eovanie<\/h4>\n<p data-start=\"313\" data-end=\"419\">Akrylov\u00e9 tmelia na ma\u013eovanie sa pou\u017e\u00edvaj\u00fa na vyplnenie trhl\u00edn a praskl\u00edn na sten\u00e1ch ur\u010den\u00fdch na ma\u013eovanie.<\/p>\n<p data-start=\"421\" data-end=\"571\">V\u010faka svojim \u0161pecifick\u00fdm vlastnostiam sa na ma\u013eovanej ploche neobjavia zafarbenia farby a po natret\u00ed nie s\u00fa vidite\u013en\u00e9 stopy opravy v tesniacej ploche.<\/p>\n<h4 data-start=\"573\" data-end=\"586\">R\u00fdchle akryly<\/h4>\n<p data-start=\"588\" data-end=\"685\">R\u00fdchle akryly s\u00fa nov\u00e9 produkty pou\u017e\u00edvan\u00e9 v stavebnej ch\u00e9mii, ktor\u00e9 sa vyzna\u010duj\u00fa r\u00fdchlou reakciou.<\/p>\n<p data-start=\"687\" data-end=\"815\">S\u00fa vhodn\u00e9 na ma\u013eovanie alebo z\u00e1kladovanie po 20 min\u00fatach od nanesenia na tesnen\u00fa plochu a m\u00f4\u017eu by\u0165 br\u00fasen\u00e9 po \u00faplnom vytvrdnut\u00ed.<\/p>\n<h4 data-start=\"817\" data-end=\"832\">Po\u017eiarne akryly<\/h4>\n<p data-start=\"834\" data-end=\"937\">Po\u017eiarne akryly s\u00fa vynikaj\u00face tmelia na sp\u00e1janie r\u00f4znych druhov kon\u0161trukci\u00ed zo sadrokart\u00f3nov\u00fdch dosiek.<\/p>\n<p data-start=\"939\" data-end=\"1090\">S\u00fa obzvl\u00e1\u0161\u0165 vhodn\u00e9 na dokon\u010dovanie obytn\u00fdch podkrov\u00ed, najm\u00e4 v pr\u00edpade potreby pou\u017eitia materi\u00e1lov s vy\u0161\u0161ou po\u017eiarnoochrannou a oh\u0148ovzdornou odolnos\u0165ou.<\/p>\n<p data-start=\"1092\" data-end=\"1181\">Po\u017eiarne akryly dobre zn\u00e1\u0161aj\u00fa vysok\u00e9 teploty a maj\u00fa zv\u00fd\u0161en\u00fa odolnos\u0165 vo\u010di p\u00f4sobeniu oh\u0148a.<\/p>\n<h4 data-start=\"1183\" data-end=\"1199\">Vlastnosti A325:<\/h4>\n<\/div>\n<\/div>\n<\/div>\n<div class=\"mb-2 flex gap-3 -ml-2\" tabindex=\"0\">\n<div class=\"flex items-center justify-start rounded-xl p-1\">\n<div class=\"flex items-center\"><\/div>\n<\/div>\n<\/div>\n<p>[\/vc_column_text][vc_gallery type=\"image_grid\" images=\"256512,256528,256529,256532\" img_size=\"918x131\"][\/vc_column][\/vc_row][vc_row][vc_column][vc_column_text]<\/p>\n<p data-start=\"0\" data-end=\"23\"><a href=\"https:\/\/www.bostik.com\/global\/en\/bostik-academy\/video-technical-center\/decoration-and-paint\/?wchannelid=pvooc4jnem&amp;wmediaid=kq1mbii399\" target=\"_blank\" rel=\"noopener\">A390 - Propaga\u010dn\u00e9 video<\/a><\/p>\n<p data-start=\"25\" data-end=\"39\"><a href=\"https:\/\/www.bostik.com\/global\/en\/bostik-academy\/video-technical-center\/decoration-and-paint\/?wchannelid=pvooc4jnem\" target=\"_blank\" rel=\"noopener\">V\u00ddROBKY BOSTIK<\/a><\/p>\n<h4 data-start=\"41\" data-end=\"49\">Balenie:<\/h4>\n<p data-start=\"51\" data-end=\"68\" data-is-last-node=\"\" data-is-only-node=\"\">280 ml (kart\u00f3nik)[\/vc_column_text][\/vc_column][\/vc_row][vc_row][vc_column][vc_column_text]<\/p>\n<p>&nbsp;<\/p>\n<p>[\/vc_column_text][\/vc_column][\/vc_row][vc_row][vc_column][vc_video link=\"https:\/\/youtu.be\/RrsKheFLaYI\"][\/vc_column][\/vc_row]<\/p>\n","protected":false},"excerpt":{"rendered":"<p>Bostik A930 EASY FILLER PRO r\u00fdchla akrylov\u00e1 tmel na br\u00fasenie.<\/p>\n","protected":false},"featured_media":269674,"comment_status":"open","ping_status":"closed","template":"","meta":{"_acf_changed":false},"product_brand":[],"product_cat":[878,876,881,885,1035,899,1033,884,913,1045,911,954,916],"product_tag":[888],"class_list":{"0":"post-279507","1":"product","2":"type-product","3":"status-publish","4":"has-post-thumbnail","6":"product_cat-bostik-sk","7":"product_cat-hydroizolacja-sk","8":"product_cat-hydroizolacja-balkonu-i-tarasu-sk","9":"product_cat-hydroizolacje-lazienek-i-pomieszczen-mokrych-sk","10":"product_cat-kleje-fugi-silikony-sk","11":"product_cat-mineralne-materialy-sk","12":"product_cat-materialy-uzupelniajace-akcesoria-hydroizolacja-balkonu-i-tarasu-sk","13":"product_cat-materialy-wykonczeniowe-sk","14":"product_cat-z-tworzyw-sztucznych-sk","15":"product_cat-producenci-sk","16":"product_cat-promowane-sk","17":"product_cat-przejscia-instalacyjne-sk","18":"product_cat-uszczelnienie-budynku-od-wewnatrz-sk","19":"product_tag-bostik-sk","20":"product_shipping_class-latwa-wysylka-sk","22":"first","23":"instock","24":"taxable","25":"shipping-taxable","26":"purchasable","27":"product-type-simple"},"acf":[],"_links":{"self":[{"href":"https:\/\/www.sanier.pl\/sk\/wp-json\/wp\/v2\/product\/279507","targetHints":{"allow":["GET"]}}],"collection":[{"href":"https:\/\/www.sanier.pl\/sk\/wp-json\/wp\/v2\/product"}],"about":[{"href":"https:\/\/www.sanier.pl\/sk\/wp-json\/wp\/v2\/types\/product"}],"replies":[{"embeddable":true,"href":"https:\/\/www.sanier.pl\/sk\/wp-json\/wp\/v2\/comments?post=279507"}],"wp:featuredmedia":[{"embeddable":true,"href":"https:\/\/www.sanier.pl\/sk\/wp-json\/wp\/v2\/media\/269674"}],"wp:attachment":[{"href":"https:\/\/www.sanier.pl\/sk\/wp-json\/wp\/v2\/media?parent=279507"}],"wp:term":[{"taxonomy":"product_brand","embeddable":true,"href":"https:\/\/www.sanier.pl\/sk\/wp-json\/wp\/v2\/product_brand?post=279507"},{"taxonomy":"product_cat","embeddable":true,"href":"https:\/\/www.sanier.pl\/sk\/wp-json\/wp\/v2\/product_cat?post=279507"},{"taxonomy":"product_tag","embeddable":true,"href":"https:\/\/www.sanier.pl\/sk\/wp-json\/wp\/v2\/product_tag?post=279507"}],"curies":[{"name":"wp","href":"https:\/\/api.w.org\/{rel}","templated":true}]}}