{"id":279376,"date":"2020-04-21T12:50:57","date_gmt":"2020-04-21T12:50:57","guid":{"rendered":"https:\/\/www.sanier.pl\/produkt\/nanodefense-eco-kerakoll\/"},"modified":"2025-03-19T08:02:46","modified_gmt":"2025-03-19T08:02:46","slug":"nanodefense-eco-kerakoll","status":"publish","type":"product","link":"https:\/\/www.sanier.pl\/sk\/produkt\/nanodefense-eco-kerakoll\/","title":{"rendered":"Nanodefense Eco | Kerakoll"},"content":{"rendered":"<p>[vc_row][vc_column css_animation=\"bounceInDown\"][vc_single_image image=\"241643\" img_size=\"medium\" alignment=\"center\"][\/vc_column][\/vc_row][vc_row][vc_column][vc_separator][vc_column_text]<\/p>\n<h2><a href=\"https:\/\/products.kerakoll.com\/pl-PL\/p\/nanodefense-eco\" target=\"_blank\" rel=\"noopener\">NANODEFENSE ECO<\/a><\/h2>\n<p>[\/vc_column_text][vc_column_text]<\/p>\n<div class=\"flex max-w-full flex-col flex-grow\">\n<div class=\"min-h-8 text-message relative flex w-full flex-col items-end gap-2 whitespace-normal break-words text-start [.text-message+&amp;]:mt-5\" dir=\"auto\" data-message-author-role=\"assistant\" data-message-id=\"2311b1a1-78b4-4150-9e7f-2936b8f4413c\" data-message-model-slug=\"gpt-4o-mini\">\n<div class=\"flex w-full flex-col gap-1 empty:hidden first:pt-[3px]\">\n<p data-start=\"0\" data-end=\"205\" data-is-last-node=\"\" data-is-only-node=\"\">F\u00f3lia v tekutom stave Nanodefense Eco je organick\u00e1, miner\u00e1lna hydroizol\u00e1cia na b\u00e1ze vodnej, ekokompatibiln\u00e1 a certifikovan\u00e1. Ur\u010den\u00e1 na nasiakav\u00e9 podklady v vlhk\u00fdch miestnostiach, ide\u00e1lna pre GreenBuilding.<\/p>\n<\/div>\n<\/div>\n<\/div>\n<div class=\"mb-2 flex gap-3 -ml-2\" tabindex=\"0\">\n<div class=\"flex items-center justify-start rounded-xl p-1\">\n<div class=\"flex items-center\"><\/div>\n<\/div>\n<\/div>\n<p>[\/vc_column_text][vc_column_text]<\/p>\n<div class=\"flex max-w-full flex-col flex-grow\">\n<div class=\"min-h-8 text-message relative flex w-full flex-col items-end gap-2 whitespace-normal break-words text-start [.text-message+&amp;]:mt-5\" dir=\"auto\" data-message-author-role=\"assistant\" data-message-id=\"2a5ce6cb-d875-4270-8a33-d62186e5b52a\" data-message-model-slug=\"gpt-4o-mini\">\n<div class=\"flex w-full flex-col gap-1 empty:hidden first:pt-[3px]\">\n<p data-start=\"0\" data-end=\"179\" data-is-last-node=\"\" data-is-only-node=\"\"><strong>Nanodefense Eco<\/strong> zais\u0165uje \u00fapln\u00fa neprepustnos\u0165 vody pri pozit\u00edvnom tlaku, \u010d\u00edm chr\u00e1ni nasiakav\u00e9 alebo vlhkos\u0165 citliv\u00e9 podklady, aj v prostred\u00ed trvalo vlhkom a nas\u00fdtenom vodnou parou.<\/p>\n<\/div>\n<\/div>\n<\/div>\n<div class=\"mb-2 flex gap-3 -ml-2\" tabindex=\"0\">\n<div class=\"flex items-center justify-start rounded-xl p-1\">\n<div class=\"flex items-center\"><\/div>\n<\/div>\n<\/div>\n<p>[\/vc_column_text][\/vc_column][\/vc_row][vc_row][vc_column][vc_column_text]<\/p>\n<h3><span class=\"HwtZe\" lang=\"sk\"><span class=\"jCAhz ChMk0b\"><span class=\"ryNqvb\">Charakteristika:<\/span><\/span><\/span><\/h3>\n<p>[\/vc_column_text][vc_column_text]<\/p>\n<ul>\n<li data-start=\"0\" data-end=\"14\">vodoodoln\u00fd<\/li>\n<li data-start=\"15\" data-end=\"32\">r\u00fdchloschn\u00faci<\/li>\n<li data-start=\"33\" data-end=\"46\">elastick\u00fd<\/li>\n<li data-start=\"47\" data-end=\"71\">jednoduch\u00e1 aplik\u00e1cia<\/li>\n<li data-start=\"72\" data-end=\"126\">vhodn\u00fd na pokl\u00e1dku s pou\u017eit\u00edm miner\u00e1lnych lepidiel<\/li>\n<li data-start=\"127\" data-end=\"148\">chemicky stabiln\u00fd<\/li>\n<li data-start=\"149\" data-end=\"163\">ekologick\u00fd<\/li>\n<li data-start=\"164\" data-end=\"175\" data-is-last-node=\"\">organick\u00fd<\/li>\n<\/ul>\n<p>[\/vc_column_text][vc_column_text]<\/p>\n<h3><span class=\"HwtZe\" lang=\"sk\"><span class=\"jCAhz ChMk0b\"><span class=\"ryNqvb\">Aplik\u00e1cia:<\/span><\/span><\/span><\/h3>\n<p>[\/vc_column_text][vc_column_text]<\/p>\n<ul>\n<li data-start=\"0\" data-end=\"115\">vhodn\u00fd na pokl\u00e1dku s pou\u017eit\u00edm miner\u00e1lnych lepidiel, keramick\u00fdch dla\u017ed\u00edc, porcel\u00e1nov\u00e9ho gresu, pr\u00edrodn\u00e9ho kame\u0148a<\/li>\n<li data-start=\"116\" data-end=\"350\" data-is-last-node=\"\">vo vn\u00fatri na podlahy z bet\u00f3nu, pevn\u00e9 a rovn\u00e9 cementov\u00e9 podlahy, podklady z prefabrikovan\u00e9ho alebo liateho bet\u00f3nu, omietnut\u00e9 steny, s\u00e1drokart\u00f3nov\u00e9 dosky, sadrokart\u00f3nov\u00e9 bloky, cementov\u00e9 omietky a malty, ako aj cementovo-v\u00e1penn\u00e9 malty<\/li>\n<\/ul>\n<p>[\/vc_column_text][vc_column_text]<\/p>\n<h3 data-start=\"0\" data-end=\"20\">Technick\u00e9 parametre:<\/h3>\n<p data-start=\"22\" data-end=\"647\" data-is-last-node=\"\" data-is-only-node=\"\"><strong>Vzh\u013ead:<\/strong> modr\u00e1 pasta<br data-start=\"41\" data-end=\"44\" \/><strong>Hustota:<\/strong> \u2248 1,44 kg\/dm3<br data-start=\"66\" data-end=\"69\" \/><strong>Chemick\u00e1 povaha:<\/strong> vodn\u00e1 disperzia kopolym\u00e9rov<br data-start=\"113\" data-end=\"116\" \/><strong>Skladovanie:<\/strong> \u2248 12 mesiacov v origin\u00e1lnom obale<br data-start=\"162\" data-end=\"165\" \/><strong>Pozn\u00e1mky:<\/strong> chr\u00e1ni\u0165 pred mrazom; chr\u00e1ni\u0165 pred priamym slne\u010dn\u00fdm \u017eiaren\u00edm a zdrojmi tepla<br data-start=\"250\" data-end=\"253\" \/><strong>Balenie:<\/strong> vedr\u00e1 15 \/ 5 kg<br data-start=\"277\" data-end=\"280\" \/><strong>Viskozita:<\/strong> \u2248 1100000 mPa\u00b7s, rotor 93 RPM 0,5 met\u00f3da Brookfield<br data-start=\"342\" data-end=\"345\" \/><strong>Teplota pou\u017eitia:<\/strong> od +5 \u00b0C do +35 \u00b0C<br data-start=\"381\" data-end=\"384\" \/><strong>Riedenie pre 1. vrstvu:<\/strong> \u2248 5%<br data-start=\"412\" data-end=\"415\" \/><strong>Minim\u00e1lna hr\u00fabka jednotliv\u00fdch vrstiev:<\/strong> \u2248 1 mm<br data-start=\"460\" data-end=\"463\" \/><strong>Minim\u00e1lna hr\u00fabka vrstvy po vyschnut\u00ed:<\/strong> \u2248 500 \u03bcm<br data-start=\"509\" data-end=\"512\" \/><strong>\u010cas \u010dakania medzi nanesen\u00edm 1. a 2. vrstvy:<\/strong> \u2248 1 h<br data-start=\"561\" data-end=\"564\" \/><strong>\u010cas \u010dakania pred pokl\u00e1dkou:<\/strong> - minim\u00e1lne \u2265 2 h - max \u2264 48 h<br data-start=\"622\" data-end=\"625\" \/><strong>V\u00fddatnos\u0165:<\/strong> \u2248 1,5 kg\/m\u00b2<\/p>\n<p>[\/vc_column_text][vc_column_text]<a href=\"https:\/\/products.kerakoll.com\/yep-repository\/kerakoll\/media\/00154_Nanodefense_Eco_(pl).pdf\" target=\"_blank\" rel=\"noopener\"><span class=\"HwtZe\" lang=\"sk\"><span class=\"jCAhz ChMk0b\"><span class=\"ryNqvb\">Technick\u00fd list Nanodefense Eco<\/span><\/span><\/span><\/a>[\/vc_column_text][\/vc_column][\/vc_row][vc_row][vc_column][vc_single_image image=\"256026\" img_size=\"large\" alignment=\"center\"][\/vc_column][\/vc_row]<\/p>\n","protected":false},"excerpt":{"rendered":"<p>Organick\u00e9 miner\u00e1lne tesnenie, tekut\u00e1 f\u00f3lia na vn\u00fatorn\u00e9 pou\u017eitie.<\/p>\n","protected":false},"featured_media":269071,"comment_status":"open","ping_status":"closed","template":"","meta":[],"product_brand":[],"product_cat":[876,885,899,1052,911],"product_tag":[1066],"class_list":{"0":"post-279376","1":"product","2":"type-product","3":"status-publish","4":"has-post-thumbnail","6":"product_cat-hydroizolacja-sk","7":"product_cat-hydroizolacje-lazienek-i-pomieszczen-mokrych-sk","8":"product_cat-mineralne-materialy-sk","9":"product_cat-materialy-uzupelniajace-akcesoria-materialy-wykonczeniowe-sk","10":"product_cat-promowane-sk","11":"product_tag-kerakoll-sk","12":"product_shipping_class-trudna-wysylka-sk","14":"first","15":"onbackorder","16":"taxable","17":"shipping-taxable","18":"purchasable","19":"product-type-simple"},"_links":{"self":[{"href":"https:\/\/www.sanier.pl\/sk\/wp-json\/wp\/v2\/product\/279376","targetHints":{"allow":["GET"]}}],"collection":[{"href":"https:\/\/www.sanier.pl\/sk\/wp-json\/wp\/v2\/product"}],"about":[{"href":"https:\/\/www.sanier.pl\/sk\/wp-json\/wp\/v2\/types\/product"}],"replies":[{"embeddable":true,"href":"https:\/\/www.sanier.pl\/sk\/wp-json\/wp\/v2\/comments?post=279376"}],"wp:featuredmedia":[{"embeddable":true,"href":"https:\/\/www.sanier.pl\/sk\/wp-json\/wp\/v2\/media\/269071"}],"wp:attachment":[{"href":"https:\/\/www.sanier.pl\/sk\/wp-json\/wp\/v2\/media?parent=279376"}],"wp:term":[{"taxonomy":"product_brand","embeddable":true,"href":"https:\/\/www.sanier.pl\/sk\/wp-json\/wp\/v2\/product_brand?post=279376"},{"taxonomy":"product_cat","embeddable":true,"href":"https:\/\/www.sanier.pl\/sk\/wp-json\/wp\/v2\/product_cat?post=279376"},{"taxonomy":"product_tag","embeddable":true,"href":"https:\/\/www.sanier.pl\/sk\/wp-json\/wp\/v2\/product_tag?post=279376"}],"curies":[{"name":"wp","href":"https:\/\/api.w.org\/{rel}","templated":true}]}}