{"id":279217,"date":"2017-04-05T11:45:08","date_gmt":"2017-04-05T11:45:08","guid":{"rendered":"https:\/\/www.sanier.pl\/produkt\/klima-rk-39\/"},"modified":"2025-03-14T08:57:59","modified_gmt":"2025-03-14T08:57:59","slug":"klima-rk-39","status":"publish","type":"product","link":"https:\/\/www.sanier.pl\/sk\/produkt\/klima-rk-39\/","title":{"rendered":"Klima RK 39 | Baumit"},"content":{"rendered":"<p>[vc_row][vc_column][vc_column_text]<img loading=\"lazy\" decoding=\"async\" class=\"size-full wp-image-3279 aligncenter\" src=\"https:\/\/sanier.pl\/wp-content\/uploads\/2017\/03\/baumit_logo_2012-e1490989945791.jpg\" alt=\"baumit_logo_2012\" width=\"125\" height=\"146\" \/><\/p>\n<h1>Klima RK 39<\/h1>\n<div class=\"flex max-w-full flex-col flex-grow\">\n<div class=\"min-h-8 text-message relative flex w-full flex-col items-end gap-2 whitespace-normal break-words text-start [.text-message+&amp;]:mt-5\" dir=\"auto\" data-message-author-role=\"assistant\" data-message-id=\"0c797a85-53ac-4308-b296-c2dd87c8227c\" data-message-model-slug=\"gpt-4o-mini\">\n<div class=\"flex w-full flex-col gap-1 empty:hidden first:pt-[3px]\">\n<h5 data-start=\"0\" data-end=\"29\"><strong data-start=\"0\" data-end=\"29\">V\u00e1penn\u00e1 omietka vonkaj\u0161ia<\/strong><\/h5>\n<p data-start=\"31\" data-end=\"263\"><strong data-start=\"31\" data-end=\"46\">Klima RK 39<\/strong> - Baumit je vysoko hydraulick\u00e1 v\u00e1penn\u00e1 omietkov\u00e1 zmes. Ur\u010den\u00e1 na pou\u017eitie ako podkladov\u00e1 omietka v interi\u00e9roch a exteri\u00e9roch budov. Odpor\u00fa\u010da sa na nov\u00e9 a star\u00e9, oslaben\u00e9 m\u00fary, ako aj do miestnost\u00ed s vy\u0161\u0161ou vlhkos\u0165ou.<\/p>\n<h4 data-start=\"265\" data-end=\"280\"><strong data-start=\"265\" data-end=\"280\">Vlastnosti:<\/strong><\/h4>\n<p data-start=\"282\" data-end=\"861\">Ako vn\u00fatorn\u00e1 a vonkaj\u0161ia omietka m\u00e1 v\u0161etky pozit\u00edvne biologicko-fyzik\u00e1lne vlastnosti, v\u010faka \u010domu predstavuje zdrav\u00fa, obytn\u00fa alternat\u00edvu k omietkam na b\u00e1ze sadry a cementu, pri\u010dom si zachov\u00e1va charakteristick\u00e9 vlastnosti v\u00e1penn\u00fdch alebo v\u00e1pennocementov\u00fdch omietok. Omietka sa m\u00f4\u017ee pou\u017e\u00edva\u0165 v miestnostiach s vy\u0161\u0161ou vlhkos\u0165ou alebo na povrchoch vystaven\u00fdch ve\u013ek\u00e9mu za\u0165a\u017eeniu, kde sa be\u017ene pou\u017e\u00edvaj\u00fa omietky alebo zmesi obsahuj\u00face cement. Je to produkt vhodn\u00fd na pou\u017eitie od pivnice po strechu. Mo\u017enosti pokrytia omietky s\u00fa r\u00f4znorod\u00e9 po\u010das celej v\u00fdstavby a\u017e do momentu nas\u0165ahovania.<\/p>\n<h4 data-start=\"863\" data-end=\"876\"><strong data-start=\"863\" data-end=\"876\">Pou\u017eitie:<\/strong><\/h4>\n<p data-start=\"878\" data-end=\"1543\">Pr\u00edrodn\u00e1, vysoko hydraulick\u00e1 v\u00e1penn\u00e1 omietka, pou\u017e\u00edvan\u00e1 ako podkladov\u00e1 a povrchov\u00e1 omietka v interi\u00e9roch od pivnice po podkrovie. Omietka sa m\u00f4\u017ee pou\u017ei\u0165 na v\u0161etky mur\u00e1rske podklady (pozri pokyny na zadnej strane), hrub\u00fd bet\u00f3n po debnen\u00ed at\u010f. Produkt sa pou\u017e\u00edva pri renov\u00e1cii historick\u00fdch objektov a moderniza\u010dn\u00fdch pr\u00e1cach, ako aj v obytn\u00fdch budov\u00e1ch, postaven\u00fdch pod\u013ea z\u00e1sad \u0161etrn\u00fdch k \u017eivotn\u00e9mu prostrediu. Omietku mo\u017eno pokr\u00fdva\u0165 produktmi obsahuj\u00facimi sadru (po vyschnut\u00ed omietky), ako aj v\u00e1pno a cement, ako je miner\u00e1lna omietka <strong data-start=\"1410\" data-end=\"1437\">Baumit EdelPutz Special<\/strong>, silik\u00e1tov\u00e1 omietka <strong data-start=\"1458\" data-end=\"1479\">Baumit SilikatTop<\/strong> at\u010f. a tie\u017e fini\u0161ova\u0165 v\u0161etk\u00fdmi dostupn\u00fdmi maliarskymi povlakmi.<\/p>\n<p data-start=\"1545\" data-end=\"1562\"><strong data-start=\"1545\" data-end=\"1562\">Ve\u013ekos\u0165 zrna:<\/strong><\/p>\n<ul data-start=\"1563\" data-end=\"1573\">\n<li data-start=\"1563\" data-end=\"1573\">0 \u2013 3 mm<\/li>\n<\/ul>\n<p data-start=\"1575\" data-end=\"1588\"><strong data-start=\"1575\" data-end=\"1588\">Spotreba:<\/strong><\/p>\n<ul data-start=\"1589\" data-end=\"1607\">\n<li data-start=\"1589\" data-end=\"1607\">cca 1,3 kg\/m\u00b2\/mm<\/li>\n<\/ul>\n<p data-start=\"1609\" data-end=\"1633\" data-is-last-node=\"\" data-is-only-node=\"\"><a href=\"https:\/\/sanier.pl\/wp-content\/uploads\/2017\/04\/PDBL_Kalkin_RK_39-1.pdf\" target=\"_blank\" rel=\"noopener\"><strong data-start=\"1609\" data-end=\"1633\" data-is-last-node=\"\">Technick\u00fd list RK 39<\/strong><\/a><\/p>\n<\/div>\n<\/div>\n<\/div>\n<div class=\"mb-2 flex gap-3 -ml-2\" tabindex=\"0\">\n<div class=\"flex items-center justify-start rounded-xl p-1\">\n<div class=\"flex items-center\"><\/div>\n<\/div>\n<\/div>\n<p>[\/vc_column_text][\/vc_column][\/vc_row]<\/p>\n","protected":false},"excerpt":{"rendered":"<div class=\"flex max-w-full flex-col flex-grow\">\n<div class=\"min-h-8 text-message relative flex w-full flex-col items-end gap-2 whitespace-normal break-words text-start [.text-message+&amp;]:mt-5\" dir=\"auto\" data-message-author-role=\"assistant\" data-message-id=\"a12d9cd4-d52b-4682-8d45-ad33295f807f\" data-message-model-slug=\"gpt-4o-mini\">\n<div class=\"flex w-full flex-col gap-1 empty:hidden first:pt-[3px]\">\n<p data-start=\"0\" data-end=\"169\" data-is-last-node=\"\" data-is-only-node=\"\"><strong data-start=\"0\" data-end=\"16\" data-is-only-node=\"\">Klima RK 39.<\/strong> Such\u00e1 omietkov\u00e1 zmes v s\u00falade s normou EN 998-1; univerz\u00e1lna v\u00e1penn\u00e1 omietka ur\u010den\u00e1 na vn\u00fatorn\u00e9 a vonkaj\u0161ie steny, ur\u010den\u00e1 na ru\u010dn\u00fa a strojov\u00fa aplik\u00e1ciu.<\/p>\n<\/div>\n<\/div>\n<\/div>\n<div class=\"mb-2 flex gap-3 -ml-2\" tabindex=\"0\">\n<div class=\"flex items-center justify-start rounded-xl p-1\">\n<div class=\"flex items-center\"><\/div>\n<\/div>\n<\/div>\n","protected":false},"featured_media":280801,"comment_status":"open","ping_status":"closed","template":"","meta":[],"product_brand":[],"product_cat":[895,914,1037,900,1049],"product_tag":[897],"class_list":{"0":"post-279217","1":"product","2":"type-product","3":"status-publish","4":"has-post-thumbnail","6":"product_cat-baumit-sk","7":"product_cat-renowacja-elewacji-sk","8":"product_cat-tynki-i-szpachle-sk","9":"product_cat-tynki-renowacyjne-sk","10":"product_cat-tynki-wapienne-wapienno-cementowe-sk","11":"product_tag-baumit-sk","12":"product_shipping_class-trudna-wysylka-sk","14":"first","15":"onbackorder","16":"taxable","17":"shipping-taxable","18":"purchasable","19":"product-type-simple"},"_links":{"self":[{"href":"https:\/\/www.sanier.pl\/sk\/wp-json\/wp\/v2\/product\/279217","targetHints":{"allow":["GET"]}}],"collection":[{"href":"https:\/\/www.sanier.pl\/sk\/wp-json\/wp\/v2\/product"}],"about":[{"href":"https:\/\/www.sanier.pl\/sk\/wp-json\/wp\/v2\/types\/product"}],"replies":[{"embeddable":true,"href":"https:\/\/www.sanier.pl\/sk\/wp-json\/wp\/v2\/comments?post=279217"}],"wp:featuredmedia":[{"embeddable":true,"href":"https:\/\/www.sanier.pl\/sk\/wp-json\/wp\/v2\/media\/280801"}],"wp:attachment":[{"href":"https:\/\/www.sanier.pl\/sk\/wp-json\/wp\/v2\/media?parent=279217"}],"wp:term":[{"taxonomy":"product_brand","embeddable":true,"href":"https:\/\/www.sanier.pl\/sk\/wp-json\/wp\/v2\/product_brand?post=279217"},{"taxonomy":"product_cat","embeddable":true,"href":"https:\/\/www.sanier.pl\/sk\/wp-json\/wp\/v2\/product_cat?post=279217"},{"taxonomy":"product_tag","embeddable":true,"href":"https:\/\/www.sanier.pl\/sk\/wp-json\/wp\/v2\/product_tag?post=279217"}],"curies":[{"name":"wp","href":"https:\/\/api.w.org\/{rel}","templated":true}]}}