{"id":279045,"date":"2017-04-02T19:34:58","date_gmt":"2017-04-02T19:34:58","guid":{"rendered":"https:\/\/www.sanier.pl\/produkt\/mapelastic\/"},"modified":"2025-03-10T14:30:56","modified_gmt":"2025-03-10T14:30:56","slug":"mapelastic","status":"publish","type":"product","link":"https:\/\/www.sanier.pl\/sk\/produkt\/mapelastic\/","title":{"rendered":"Mapelastic"},"content":{"rendered":"<p><a href=\"https:\/\/www.sanier.pl\/sklep\/?s=mapei&amp;post_type=product\"><img loading=\"lazy\" decoding=\"async\" class=\"size-full wp-image-3298 aligncenter\" src=\"https:\/\/sanier.pl\/wp-content\/uploads\/2017\/03\/mapei_logo-e1491162400179.jpg\" alt=\"mapei_logo\" width=\"300\" height=\"75\" \/><\/a><\/p>\n<p>&nbsp;<\/p>\n<h2>Mapelastic<\/h2>\n<p>&nbsp;<\/p>\n<p data-start=\"16\" data-end=\"838\">Mapei Mapelastic je dvojzlo\u017ekov\u00e1 hydroizola\u010dn\u00e1 hmota. Charakterizuje sa vysokou kvalitou a elasticitou. Produkt je vyroben\u00fd na b\u00e1ze cementu a syntetick\u00fdch \u017eiv\u00edc. Sl\u00fa\u017ei na tesnenie balk\u00f3nov, ter\u00e1s, k\u00fape\u013en\u00ed a baz\u00e9nov. Poskytuje ochranu pre bet\u00f3nov\u00e9 kon\u0161trukcie, omietky a cementov\u00e9 podklady. Jednoduch\u00e1 aplik\u00e1cia, produkt vytv\u00e1ra tekut\u00fa zmes, ktor\u00e1 sa \u013eahko aplikuje aj na vertik\u00e1lne plochy. Produkt sa nan\u00e1\u0161a v vrstv\u00e1ch s hr\u00fabkou 2 mm v jednom pracovnom cykle. V\u010faka vysokej obsahu syntetick\u00fdch \u017eiv\u00edc produkt zost\u00e1va trvalo elastick\u00fd v ak\u00fdchko\u013evek environment\u00e1lnych podmienkach. Poskytuje vodotesn\u00e9 zabezpe\u010denie a dokonale pri\u013ene k v\u0161etk\u00fdm bet\u00f3nov\u00fdm, murovan\u00fdm, keramick\u00fdm a mramorov\u00fdm povrchom. Odoln\u00fd proti p\u00f4sobeniu sol\u00ed na posyp, s\u00edranov, chl\u00f3ru a oxidu uhli\u010dit\u00e9ho. Av\u0161ak je d\u00f4le\u017eit\u00e9 aplikova\u0165 produkt na \u010dist\u00e9 povrchy.<\/p>\n<h4 data-start=\"840\" data-end=\"866\"><strong data-start=\"840\" data-end=\"866\">Vlastnosti Mapelastic:<\/strong><\/h4>\n<ul data-start=\"868\" data-end=\"1130\">\n<li data-start=\"868\" data-end=\"882\">vodoodoln\u00fd<\/li>\n<li data-start=\"883\" data-end=\"907\">jednoduch\u00e1 aplik\u00e1cia<\/li>\n<li data-start=\"908\" data-end=\"972\">trvalo elastick\u00fd v ak\u00fdchko\u013evek environment\u00e1lnych podmienkach<\/li>\n<li data-start=\"973\" data-end=\"1049\">odoln\u00fd proti p\u00f4sobeniu sol\u00ed na posyp, s\u00edranov, chl\u00f3ru a oxidu uhli\u010dit\u00e9ho<\/li>\n<li data-start=\"1050\" data-end=\"1130\">v\u00fdborne pri\u013ene k \u010dist\u00fdm bet\u00f3nov\u00fdm, mramorov\u00fdm, keramick\u00fdm a murovan\u00fdm povrchom<\/li>\n<\/ul>\n<h4 data-start=\"1132\" data-end=\"1156\"><strong data-start=\"1132\" data-end=\"1156\">Pou\u017eitie Mapelastic:<\/strong><\/h4>\n<ul data-start=\"1158\" data-end=\"1337\">\n<li data-start=\"1158\" data-end=\"1184\">vodotesn\u00e9 zabezpe\u010denie<\/li>\n<li data-start=\"1185\" data-end=\"1252\">ochrana bet\u00f3nov\u00fdch kon\u0161trukci\u00ed, omietok a cementov\u00fdch podkladov<\/li>\n<li data-start=\"1253\" data-end=\"1300\">tesnenie balk\u00f3nov, ter\u00e1s, k\u00fape\u013en\u00ed a baz\u00e9nov<\/li>\n<li data-start=\"1301\" data-end=\"1337\">horizont\u00e1lne a vertik\u00e1lne plochy<\/li>\n<\/ul>\n<h4 data-start=\"1339\" data-end=\"1352\"><strong data-start=\"1339\" data-end=\"1352\">Spotreba:<\/strong><\/h4>\n<ul data-start=\"1354\" data-end=\"1493\">\n<li data-start=\"1354\" data-end=\"1422\">pri ru\u010dnej aplik\u00e1cii - pribli\u017ene 1,7 kg\/m\u00b2 na 1 mm hr\u00fabky vrstvy<\/li>\n<li data-start=\"1423\" data-end=\"1493\">pri aplik\u00e1cii striekan\u00edm - pribli\u017ene 2,2 kg\/m\u00b2 na 1 mm hr\u00fabky vrstvy<\/li>\n<\/ul>\n<p data-start=\"1495\" data-end=\"1603\"><strong data-start=\"1495\" data-end=\"1505\">POZOR:<\/strong> uveden\u00e1 spotreba plat\u00ed pre rovn\u00fd povrch, spotreba bude vy\u0161\u0161ia pri aplik\u00e1cii na nerovnom podklade.<\/p>\n<p data-start=\"1605\" data-end=\"1634\" data-is-last-node=\"\" data-is-only-node=\"\"><a href=\"https:\/\/sanier.pl\/wp-content\/uploads\/2017\/04\/0331-mapelastic-pl.pdf\" target=\"_blank\" rel=\"noopener\"><strong data-start=\"1605\" data-end=\"1634\" data-is-last-node=\"\">Technick\u00fd list Mapelastic<\/strong><\/a><\/p>\n<p>&nbsp;<\/p>\n<p>&nbsp;<\/p>\n","protected":false},"excerpt":{"rendered":"<p>Elastick\u00e1, dvojzlo\u017ekov\u00e1 vodotesn\u00e1 izol\u00e1cia, ktor\u00e1 si zachov\u00e1va elasticitu pri teplote a\u017e do -20\u00b0C, na b\u00e1ze cementu a syntetick\u00fdch \u017eiv\u00edc, ur\u010den\u00e1 na tesnenie povrchov, balk\u00f3nov, ter\u00e1s, k\u00fape\u013en\u00ed a baz\u00e9nov, ako aj na povrchov\u00fa ochranu bet\u00f3nu.<\/p>\n","protected":false},"featured_media":264520,"comment_status":"open","ping_status":"closed","template":"","meta":{"_acf_changed":false},"product_brand":[],"product_cat":[876,881,939,940,899,911],"product_tag":[890,891,941],"class_list":{"0":"post-279045","1":"product","2":"type-product","3":"status-publish","4":"has-post-thumbnail","6":"product_cat-hydroizolacja-sk","7":"product_cat-hydroizolacja-balkonu-i-tarasu-sk","8":"product_cat-hydroizolacje-mineralne-hydroizolacja-balkonu-i-tarasu-sk","9":"product_cat-mapei-sk","10":"product_cat-mineralne-materialy-sk","11":"product_cat-promowane-sk","12":"product_tag-hydroizolacja-sk","13":"product_tag-hydroizolacje-sk","14":"product_tag-mapei-sk","15":"product_shipping_class-trudna-wysylka-sk","17":"first","18":"instock","19":"taxable","20":"shipping-taxable","21":"purchasable","22":"product-type-simple"},"acf":[],"_links":{"self":[{"href":"https:\/\/www.sanier.pl\/sk\/wp-json\/wp\/v2\/product\/279045","targetHints":{"allow":["GET"]}}],"collection":[{"href":"https:\/\/www.sanier.pl\/sk\/wp-json\/wp\/v2\/product"}],"about":[{"href":"https:\/\/www.sanier.pl\/sk\/wp-json\/wp\/v2\/types\/product"}],"replies":[{"embeddable":true,"href":"https:\/\/www.sanier.pl\/sk\/wp-json\/wp\/v2\/comments?post=279045"}],"wp:featuredmedia":[{"embeddable":true,"href":"https:\/\/www.sanier.pl\/sk\/wp-json\/wp\/v2\/media\/264520"}],"wp:attachment":[{"href":"https:\/\/www.sanier.pl\/sk\/wp-json\/wp\/v2\/media?parent=279045"}],"wp:term":[{"taxonomy":"product_brand","embeddable":true,"href":"https:\/\/www.sanier.pl\/sk\/wp-json\/wp\/v2\/product_brand?post=279045"},{"taxonomy":"product_cat","embeddable":true,"href":"https:\/\/www.sanier.pl\/sk\/wp-json\/wp\/v2\/product_cat?post=279045"},{"taxonomy":"product_tag","embeddable":true,"href":"https:\/\/www.sanier.pl\/sk\/wp-json\/wp\/v2\/product_tag?post=279045"}],"curies":[{"name":"wp","href":"https:\/\/api.w.org\/{rel}","templated":true}]}}