{"id":278940,"date":"2023-05-16T08:09:22","date_gmt":"2023-05-16T08:09:22","guid":{"rendered":"https:\/\/www.sanier.pl\/bw-hasla\/budynek-pasywny\/"},"modified":"2025-03-05T14:21:30","modified_gmt":"2025-03-05T14:21:30","slug":"budynek-pasywny","status":"publish","type":"knowledgebase","link":"https:\/\/www.sanier.pl\/sk\/bw-hasla\/budynek-pasywny\/","title":{"rendered":"Pas\u00edvny dom"},"content":{"rendered":"<h1>Pas\u00edvny dom<\/h1>\n<p>&nbsp;<\/p>\n<p data-start=\"17\" data-end=\"592\">Pas\u00edvny dom je objekt, ktor\u00fd teoreticky nevy\u017eaduje dod\u00e1vku energie zvonku ani z konven\u010dn\u00e9ho zdroja tepla na vykurovanie alebo chladenie. Cel\u00e1 energia potrebn\u00e1 na vykurovanie domu poch\u00e1dza z obnovite\u013en\u00fdch zdrojov energie, ako je slnko, p\u00f4da a vyu\u017eitie energie generovanej samotn\u00fdm budovom, zariaden\u00edm a pou\u017e\u00edvate\u013emi. V praxi, v klimatick\u00fdch podmienkach Po\u013eska, pas\u00edvny dom je objekt, ktor\u00fd vy\u017eaduje minim\u00e1lnu dod\u00e1vku energie na vykurovanie. Vlastnosti tak\u00e9hoto objektu s\u00fa ve\u013ek\u00e9 okn\u00e1 na ju\u017enej stene a kompaktn\u00fd tvar. Pas\u00edvne domy sa tie\u017e naz\u00fdvaj\u00fa energeticky \u00fasporn\u00fdmi domami.<\/p>\n<h3 data-start=\"594\" data-end=\"647\"><strong data-start=\"594\" data-end=\"647\">M\u00f4\u017eu sa pas\u00edvne domy postavi\u0165 s n\u00edzkymi n\u00e1kladmi?<\/strong><\/h3>\n<p data-start=\"649\" data-end=\"1147\">Maj\u00fac na pam\u00e4ti vy\u0161\u0161ie uveden\u00e9, \u0165a\u017eko o\u010dak\u00e1va\u0165, \u017ee pas\u00edvne domy bud\u00fa st\u00e1\u0165 rovnako ako domy postaven\u00e9 tradi\u010dn\u00fdm sp\u00f4sobom. Av\u0161ak, m\u00f4\u017eeme optimalizova\u0165 n\u00e1klady na v\u00fdstavbu. Ako to dosiahnu\u0165? Predov\u0161etk\u00fdm pou\u017eit\u00edm spr\u00e1vnych materi\u00e1lov. V pr\u00edpade pas\u00edvnych domov m\u00e1 ve\u013emi ve\u013ek\u00fd v\u00fdznam vhodn\u00e1 tepeln\u00e1 izol\u00e1cia. Produktom, ktor\u00fd si zasl\u00fa\u017ei osobitn\u00fa pozornos\u0165, s\u00fa sendvi\u010dov\u00e9 dosky s jadrom PIR. Maj\u00fa najlep\u0161ie tepelnoizola\u010dn\u00e9 vlastnosti a s\u00fa odoln\u00e9 vo\u010di mechanick\u00fdm po\u0161kodeniam a poveternostn\u00fdm podmienkam.<\/p>\n<p data-start=\"1149\" data-end=\"1558\" data-is-last-node=\"\" data-is-only-node=\"\">Dobre navrhnut\u00fd pas\u00edvny dom m\u00f4\u017ee prinies\u0165 \u00faspory v dlhodobom horizonte v\u010faka minim\u00e1lnemu spotrebe energie. Ni\u017e\u0161ie \u00fa\u010dty za energiu a vykurovanie m\u00f4\u017eu kompenzova\u0165 po\u010diato\u010dn\u00e9 n\u00e1klady na v\u00fdstavbu. Pou\u017eitie spr\u00e1vnych technol\u00f3gi\u00ed a materi\u00e1lov m\u00f4\u017ee prispie\u0165 k optimaliz\u00e1cii n\u00e1kladov na v\u00fdstavbu. Invest\u00edcia do energeticky \u00fasporn\u00e9ho objektu m\u00f4\u017ee prinies\u0165 \u00faspory a environment\u00e1lne v\u00fdhody v dlhodobom \u010dasovom horizonte.<\/p>\n","protected":false},"author":55,"featured_media":280347,"menu_order":0,"comment_status":"open","ping_status":"closed","template":"","categories":[875],"tags":[],"class_list":["post-278940","knowledgebase","type-knowledgebase","status-publish","has-post-thumbnail","hentry","category-baza-wiedzy-sk"],"_links":{"self":[{"href":"https:\/\/www.sanier.pl\/sk\/wp-json\/wp\/v2\/knowledgebase\/278940","targetHints":{"allow":["GET"]}}],"collection":[{"href":"https:\/\/www.sanier.pl\/sk\/wp-json\/wp\/v2\/knowledgebase"}],"about":[{"href":"https:\/\/www.sanier.pl\/sk\/wp-json\/wp\/v2\/types\/knowledgebase"}],"author":[{"embeddable":true,"href":"https:\/\/www.sanier.pl\/sk\/wp-json\/wp\/v2\/users\/55"}],"replies":[{"embeddable":true,"href":"https:\/\/www.sanier.pl\/sk\/wp-json\/wp\/v2\/comments?post=278940"}],"version-history":[{"count":0,"href":"https:\/\/www.sanier.pl\/sk\/wp-json\/wp\/v2\/knowledgebase\/278940\/revisions"}],"wp:featuredmedia":[{"embeddable":true,"href":"https:\/\/www.sanier.pl\/sk\/wp-json\/wp\/v2\/media\/280347"}],"wp:attachment":[{"href":"https:\/\/www.sanier.pl\/sk\/wp-json\/wp\/v2\/media?parent=278940"}],"wp:term":[{"taxonomy":"category","embeddable":true,"href":"https:\/\/www.sanier.pl\/sk\/wp-json\/wp\/v2\/categories?post=278940"},{"taxonomy":"post_tag","embeddable":true,"href":"https:\/\/www.sanier.pl\/sk\/wp-json\/wp\/v2\/tags?post=278940"}],"curies":[{"name":"wp","href":"https:\/\/api.w.org\/{rel}","templated":true}]}}