{"id":278699,"date":"2022-05-20T12:13:25","date_gmt":"2022-05-20T12:13:25","guid":{"rendered":"https:\/\/www.sanier.pl\/bw-hasla\/abc-warunkow-ogolnych-stawianych-podlozu\/"},"modified":"2025-03-04T08:04:52","modified_gmt":"2025-03-04T08:04:52","slug":"abc-warunkow-ogolnych-stawianych-podlozu","status":"publish","type":"knowledgebase","link":"https:\/\/www.sanier.pl\/sk\/bw-hasla\/abc-warunkow-ogolnych-stawianych-podlozu\/","title":{"rendered":"ABC v\u0161eobecn\u00fdch podmienok kladen\u00fdch na podklad"},"content":{"rendered":"<p>[vc_row][vc_column][vc_column_text]<\/p>\n<h2><\/h2>\n<h2><\/h2>\n<h2 style=\"text-align: center;\" data-start=\"71\" data-end=\"124\"><strong data-start=\"71\" data-end=\"121\">ABC v\u0161eobecn\u00fdch podmienok kladen\u00fdch na podklad<\/strong><\/h2>\n<p data-start=\"126\" data-end=\"270\">Pri rozhodovan\u00ed sa o v\u00fdstavbe domu je d\u00f4le\u017eit\u00e9 uvedomi\u0165 si, ak\u00e9 podmienky mus\u00ed podklad sp\u013a\u0148a\u0165, aby sme mohli vykona\u0165 technicky spr\u00e1vnu izol\u00e1ciu.<\/p>\n<p data-start=\"272\" data-end=\"481\">To ur\u010dite nie je prv\u00e1 vec, na ktor\u00fa mysl\u00edme pri pr\u00edprave na stavbu. No stoj\u00ed za to ma\u0165 na pam\u00e4ti, \u017ee jednou z \u010dast\u00fdch ch\u00fdb, kv\u00f4li ktor\u00fdm hydroizol\u00e1cia nepln\u00ed svoju \u00falohu, je pr\u00e1ve nespr\u00e1vne pripraven\u00fd podklad.<\/p>\n<h3 data-start=\"483\" data-end=\"516\"><strong data-start=\"483\" data-end=\"516\">Podmienky kladen\u00e9 na podklad:<\/strong><\/h3>\n<ol data-start=\"518\" data-end=\"2112\">\n<li data-start=\"518\" data-end=\"955\">\n<p data-start=\"521\" data-end=\"554\"><strong data-start=\"521\" data-end=\"554\">Tolerancie rozmerov podkladu.<\/strong><\/p>\n<p data-start=\"559\" data-end=\"625\">a) Nov\u00e9 m\u00fary\/objekt musia sp\u013a\u0148a\u0165 tolerancie rozmerov povolen\u00e9 ITB.<\/p>\n<p data-start=\"630\" data-end=\"714\">b) Existuj\u00face m\u00fary\/objekt nemusia sp\u013a\u0148a\u0165 po\u017eiadavky t\u00fdkaj\u00face sa toleranci\u00ed rozmerov.<\/p>\n<p data-start=\"719\" data-end=\"790\">c) Izol\u00e1cia typu \u201eva\u0148ov\u00e9ho typu\u201c: tesnenie sa uklad\u00e1 na stavebn\u00fd prvok.<\/p>\n<p data-start=\"795\" data-end=\"955\">d) Podlahy na zemi: odpor\u00fa\u010da sa pripravi\u0165 podklad tak, aby prvok sp\u013a\u0148al po\u017eiadavky rozmerov (ITB, alternat\u00edvne normy DIN18202, Merkblatt \u201eToleranz im Hochbau\u201c).<\/p>\n<\/li>\n<li data-start=\"957\" data-end=\"1114\">\n<p data-start=\"960\" data-end=\"1114\"><strong data-start=\"960\" data-end=\"1017\">Tesnenie podkladu je zvy\u010dajne vlhk\u00e9 alebo priam mokr\u00e9<\/strong> \u2013 v\u00e4\u010d\u0161ina modern\u00fdch materi\u00e1lov hydroizol\u00e1cie toleruje matovo-vlhk\u00e9 podklady (bez stojat\u00fdch v\u00f4d).<\/p>\n<\/li>\n<li data-start=\"1116\" data-end=\"1205\">\n<p data-start=\"1119\" data-end=\"1205\"><strong data-start=\"1119\" data-end=\"1205\">Podklad silne nas\u00fdten\u00fd vodou, m\u00f4\u017eeme predbe\u017ene tesni\u0165 napr\u00edklad miner\u00e1lnou \u0161lamou.<\/strong><\/p>\n<\/li>\n<li data-start=\"1207\" data-end=\"1262\">\n<p data-start=\"1210\" data-end=\"1262\"><strong data-start=\"1210\" data-end=\"1262\">Podklad mus\u00ed by\u0165 stabiln\u00fd a nosn\u00fd, bez praskl\u00edn.<\/strong><\/p>\n<\/li>\n<li data-start=\"1264\" data-end=\"1594\">\n<p data-start=\"1267\" data-end=\"1594\"><strong data-start=\"1267\" data-end=\"1343\">Odkryt\u00fd\/Odhalen\u00fd prvok je potrebn\u00e9 d\u00f4kladne vy\u010disti\u0165 a pos\u00fadi\u0165 jeho stav<\/strong> \u2013 nutn\u00e9 je odstr\u00e1ni\u0165 vo\u013en\u00e9 fragmenty muriva, odstr\u00e1ni\u0165 sypaj\u00face sa a zasolen\u00e9 \u0161k\u00e1ry a odstr\u00e1ni\u0165 materi\u00e1ly, ktor\u00e9 ovplyv\u0148uj\u00fa pri\u013enavos\u0165 vrstiev hydroizol\u00e1cie. Silne zasolen\u00e9 m\u00fary treba mechanicky vy\u010disti\u0165 a zv\u00e1\u017ei\u0165 pou\u017eitie prostriedkov na odso\u013eovanie.<\/p>\n<\/li>\n<li data-start=\"1596\" data-end=\"1686\">\n<p data-start=\"1599\" data-end=\"1686\"><strong data-start=\"1599\" data-end=\"1635\">Hniezda z\u0155n, nedostatky, kaverny<\/strong> je potrebn\u00e9 doplni\u0165 syst\u00e9mov\u00fdmi opravn\u00fdmi maltami.<\/p>\n<\/li>\n<li data-start=\"1688\" data-end=\"1825\">\n<p data-start=\"1691\" data-end=\"1825\"><strong data-start=\"1691\" data-end=\"1754\">Zvonkov\u00e9 hrany z\u00e1kladov je potrebn\u00e9 zaobli\u0165 alebo fr\u00e9zova\u0165.<\/strong> V vn\u00fatorn\u00fdch rohoch vykon\u00e1vame zaoblenie (fasetu) zo syst\u00e9movej malty.<\/p>\n<\/li>\n<li data-start=\"1827\" data-end=\"1938\">\n<p data-start=\"1830\" data-end=\"1938\"><strong data-start=\"1830\" data-end=\"1938\">Na vodorovn\u00fdch povrchoch, ktor\u00e9 s\u00fa pokryt\u00e9 bit\u00famenov\u00fdmi materi\u00e1lmi, je potrebn\u00e9 vykona\u0165 podporn\u00fa vrstvu.<\/strong><\/p>\n<\/li>\n<li data-start=\"1940\" data-end=\"2014\">\n<p data-start=\"1943\" data-end=\"2014\"><strong data-start=\"1943\" data-end=\"2014\">Hydroizol\u00e1cie povlaku je potrebn\u00e9 nan\u00e1\u0161a\u0165 na stavebn\u00e9 prvky budovy.<\/strong><\/p>\n<\/li>\n<li data-start=\"2016\" data-end=\"2112\">\n<p data-start=\"2020\" data-end=\"2112\"><strong data-start=\"2020\" data-end=\"2112\">Zastavenie bodov\u00fdch a line\u00e1rnych priesakov vody pred nan\u00e1\u0161an\u00edm hydroizola\u010dn\u00fdch povlakov.<\/strong><\/p>\n<\/li>\n<\/ol>\n<p>[\/vc_column_text][vc_column_text]<\/p>\n<p>&nbsp;<\/p>\n<p>&nbsp;<\/p>\n<h3 style=\"text-align: center;\"><strong data-start=\"46\" data-end=\"99\">Zam\u00fd\u0161\u013eate sa, ako vykona\u0165 hydroizol\u00e1ciu z\u00e1kladov?<\/strong> V\u0161etky inform\u00e1cie n\u00e1jdete v na\u0161om sprievodcovi! <a href=\"https:\/\/www.sanier.pl\/poradniki_sanier\/hydroizolacja-poradnik-cz1\/\"><strong data-start=\"148\" data-end=\"164\" data-is-last-node=\"\" data-is-only-node=\"\">SKONTROLUJTE<\/strong><\/a><\/h3>\n<p>&nbsp;<\/p>\n<p>[\/vc_column_text][vc_column_text]<\/p>\n<h3><\/h3>\n<h3><\/h3>\n<h3 data-start=\"46\" data-end=\"112\"><strong data-start=\"46\" data-end=\"112\">Vedeli ste, ak\u00e9 s\u00fa v\u0161eobecn\u00e9 podmienky stanoven\u00e9 pre podlo\u017eie?<\/strong><\/h3>\n<p data-start=\"114\" data-end=\"409\" data-is-last-node=\"\" data-is-only-node=\"\">Ak m\u00e1te \u010fal\u0161ie ot\u00e1zky, kontaktujte n\u00e1s. Radi v\u00e1m pribl\u00ed\u017eime r\u00f4zne ot\u00e1zky t\u00fdkaj\u00face sa hydroizol\u00e1cie a renov\u00e1cie. Disponujeme t\u00edmom odborn\u00edkov, ktor\u00ed v\u00e1m radi poradia. V pr\u00edpade \u010fal\u0161\u00edch ot\u00e1zok n\u00e1m zavolajte na \u010d\u00edslo (+48) 12 307 24 98. Priprav\u00edme pre v\u00e1s technol\u00f3giu a zoznam potrebn\u00fdch produktov.<\/p>\n<p>[\/vc_column_text][\/vc_column][\/vc_row][vc_row][vc_column][vc_column_text]<\/p>\n<h4><\/h4>\n<h4><\/h4>\n<h4><strong>Poz\u00fdvame v\u00e1s, aby ste n\u00e1s sledovali na <a href=\"https:\/\/www.instagram.com\/sanier_pl\/\" target=\"_blank\" rel=\"noopener\">Instagrame<\/a> a <a href=\"https:\/\/www.facebook.com\/sanierpl\" target=\"_blank\" rel=\"noopener\">Facebooku<\/a>.<\/strong><\/h4>\n<p>[\/vc_column_text][\/vc_column][\/vc_row]<\/p>\n","protected":false},"author":55,"featured_media":271167,"menu_order":0,"comment_status":"open","ping_status":"closed","template":"","categories":[875],"tags":[],"class_list":["post-278699","knowledgebase","type-knowledgebase","status-publish","has-post-thumbnail","hentry","category-baza-wiedzy-sk"],"acf":[],"_links":{"self":[{"href":"https:\/\/www.sanier.pl\/sk\/wp-json\/wp\/v2\/knowledgebase\/278699","targetHints":{"allow":["GET"]}}],"collection":[{"href":"https:\/\/www.sanier.pl\/sk\/wp-json\/wp\/v2\/knowledgebase"}],"about":[{"href":"https:\/\/www.sanier.pl\/sk\/wp-json\/wp\/v2\/types\/knowledgebase"}],"author":[{"embeddable":true,"href":"https:\/\/www.sanier.pl\/sk\/wp-json\/wp\/v2\/users\/55"}],"replies":[{"embeddable":true,"href":"https:\/\/www.sanier.pl\/sk\/wp-json\/wp\/v2\/comments?post=278699"}],"version-history":[{"count":0,"href":"https:\/\/www.sanier.pl\/sk\/wp-json\/wp\/v2\/knowledgebase\/278699\/revisions"}],"wp:featuredmedia":[{"embeddable":true,"href":"https:\/\/www.sanier.pl\/sk\/wp-json\/wp\/v2\/media\/271167"}],"wp:attachment":[{"href":"https:\/\/www.sanier.pl\/sk\/wp-json\/wp\/v2\/media?parent=278699"}],"wp:term":[{"taxonomy":"category","embeddable":true,"href":"https:\/\/www.sanier.pl\/sk\/wp-json\/wp\/v2\/categories?post=278699"},{"taxonomy":"post_tag","embeddable":true,"href":"https:\/\/www.sanier.pl\/sk\/wp-json\/wp\/v2\/tags?post=278699"}],"curies":[{"name":"wp","href":"https:\/\/api.w.org\/{rel}","templated":true}]}}