{"id":278675,"date":"2022-04-04T13:09:13","date_gmt":"2022-04-04T13:09:13","guid":{"rendered":"https:\/\/www.sanier.pl\/bw-hasla\/jaka-farbe-wybrac\/"},"modified":"2025-03-03T12:33:52","modified_gmt":"2025-03-03T12:33:52","slug":"jaka-farbe-wybrac","status":"publish","type":"knowledgebase","link":"https:\/\/www.sanier.pl\/sk\/bw-hasla\/jaka-farbe-wybrac\/","title":{"rendered":"Ide\u00e1lna farba na interi\u00e9r"},"content":{"rendered":"<p>[vc_row][vc_column][vc_column_text]<\/p>\n<h2 data-start=\"36\" data-end=\"65\"><strong data-start=\"36\" data-end=\"65\">Ide\u00e1lna farba na interi\u00e9r<\/strong><\/h2>\n<p data-start=\"67\" data-end=\"360\">Farba na sten\u00e1ch m\u00e1 ve\u013ek\u00fd vplyv na na\u0161e pocity. \u0164a\u017eko si odd\u00fdchneme, ke\u010f tr\u00e1vime \u010das v miestnosti so \u0161pinav\u00fdmi alebo po\u0161koden\u00fdmi stenami. V\u00e4\u010d\u0161ina z n\u00e1s pracuje na dia\u013eku u\u017e viac ako dva roky a tr\u00e1vi v dom\u00e1cnosti viac \u010dasu ako kedyko\u013evek predt\u00fdm. Preto je d\u00f4le\u017eit\u00e9 dba\u0165 na pohodlie v interi\u00e9ri.<\/p>\n<p data-start=\"362\" data-end=\"614\">Pri v\u00fdbere farieb je d\u00f4le\u017eit\u00e9 zamera\u0165 sa na kvalitnej\u0161ie produkty, ktor\u00e9 zabezpe\u010dia kr\u00e1sny vzh\u013ead a trval\u00fa farbu na roky. D\u00f4le\u017eit\u00e1 je tie\u017e \u010dist\u00e1 a rovn\u00e1 \u0161trukt\u00fara steny. V pr\u00edpade mal\u00fdch nerovnost\u00ed je dobr\u00e9 zvoli\u0165 matn\u00e9 farby, ktor\u00e9 ich skvele zakryj\u00fa.<\/p>\n<p data-start=\"616\" data-end=\"912\">Aj ke\u010f samotn\u00e1 my\u0161lienka na bud\u00facu rekon\u0161trukciu a s t\u00fdm spojen\u00fd neporiadok m\u00f4\u017ee by\u0165 mraziv\u00e1, nezab\u00fadajme, \u017ee luxus a komfort, ktor\u00fd poskytuj\u00fa dobre zariaden\u00e9 steny, stoj\u00ed za t\u00fdch p\u00e1r dn\u00ed renov\u00e1cie. Pam\u00e4tajte, \u017ee rozhodnut\u00edm pre kvalitnej\u0161ie produkty si zabezpe\u010d\u00edte viac \u010dasu do \u010fal\u0161ej renov\u00e1cie.<\/p>\n<p data-start=\"914\" data-end=\"988\">H\u013ead\u00e1te farbu s unik\u00e1tnou farbou, alebo sa rozhodujete pre klasick\u00fa bielu?<\/p>\n<p data-start=\"990\" data-end=\"1224\">Prem\u00fd\u0161\u013eanie nad n\u00e1v\u0161tevou stavebn\u00e9ho obchodu a v\u00fdberom ide\u00e1lnej farby n\u00e1s m\u00f4\u017ee \u00faplne zasko\u010di\u0165. Preto sme tu, aby sme v\u00e1m pomohli. Ak sa rozhodnete pre bielu farbu, m\u00f4\u017eete si ju objedna\u0165 na <a href=\"http:\/\/www.sanier.pl\" target=\"_new\" rel=\"noopener\" data-start=\"1179\" data-end=\"1192\">www.sanier.pl<\/a> bez toho, aby ste vy\u0161li z domu.<\/p>\n<p data-start=\"1226\" data-end=\"1545\">Ak v\u0161ak h\u013ead\u00e1te ide\u00e1lny odtie\u0148 farby, poz\u00fdvame v\u00e1s do na\u0161ich kamenn\u00fdch obchodov v Krakove (ul. Adama Vetulaniego 5) a v Sosnowci (ul. Stawowa 4), kde v\u00e1m na\u0161i odborn\u00edci pom\u00f4\u017eu vybra\u0165 nielen spr\u00e1vnu farbu, ale aj spr\u00e1vny odtie\u0148. Upozor\u0148ujeme v\u0161ak, \u017ee mo\u017enosti v\u00fdberu s\u00fa neobmedzen\u00e9, \u010do m\u00f4\u017ee pred\u013a\u017ei\u0165 proces rozhodovania.<\/p>\n<p data-start=\"1547\" data-end=\"1723\">Na mieste m\u00e1me mie\u0161a\u010dky na farby, tak\u017ee aj ke\u010f s\u00fa va\u0161e po\u017eiadavky na farbu tak\u00e9 vysok\u00e9 ako mrakodrapy v New Yorku, nemus\u00edte sa b\u00e1\u0165. Vytvor\u00edme pre v\u00e1s unik\u00e1tny a ide\u00e1lny odtie\u0148.<\/p>\n<p data-start=\"1725\" data-end=\"1800\">Pri v\u00fdbere spr\u00e1vnej farby sa mus\u00edme zamyslie\u0165 nad t\u00fdm, \u010do od nej o\u010dak\u00e1vame.<\/p>\n<p data-start=\"1802\" data-end=\"1999\">Ke\u010f n\u00e1jdete spr\u00e1vnu farbu, skontrolujte, \u010di parametre farby zodpovedaj\u00fa va\u0161im o\u010dak\u00e1vaniam. Jedn\u00fdm z najd\u00f4le\u017eitej\u0161\u00edch krit\u00e9ri\u00ed je odolnos\u0165 proti mechanick\u00e9mu po\u0161kodeniu, ako je odieranie a um\u00fdvanie.<\/p>\n<p data-start=\"2001\" data-end=\"2275\">Rodi\u010dom by mali najviac vyhovova\u0165 um\u00fdvate\u013en\u00e9 farby, z ktor\u00fdch \u013eahko odstr\u00e1nia stopy detskej tvorivosti. Tento typ farieb je skvel\u00fd aj do kuchyne, kde s\u00fa steny \u010dasto vystaven\u00e9 drobn\u00fdm zne\u010disteniam sp\u00f4soben\u00fdm napr\u00edklad nezatvoren\u00edm veka mix\u00e9ra alebo ohrevom kr\u00e9movej polievky.<\/p>\n<p data-start=\"2277\" data-end=\"2500\" data-is-last-node=\"\" data-is-only-node=\"\">V tomto pr\u00edpade je vhodn\u00e9 pou\u017ei\u0165 keramick\u00e9 alebo latexov\u00e9 farby s hydrof\u00f3bnymi vlastnos\u0165ami, ktor\u00e9 doslova odpudzuj\u00fa molekuly vody a neabsorbuj\u00fa ich. Hydrof\u00f3bna farba ochr\u00e1ni stenu pred vlhkos\u0165ou a kondenz\u00e1ciou vodnej pary.<\/p>\n<p>[\/vc_column_text][\/vc_column][\/vc_row][vc_row][vc_column width=\"1\/2\"][vc_single_image image=\"258447\" img_size=\"large\" css_animation=\"fadeIn\"][\/vc_column][vc_column width=\"1\/2\"][vc_single_image image=\"258448\" img_size=\"large\"][\/vc_column][\/vc_row][vc_row][vc_column][vc_column_text]<\/p>\n<div class=\"flex max-w-full flex-col flex-grow\">\n<div class=\"min-h-8 text-message relative flex w-full flex-col items-end gap-2 whitespace-normal break-words text-start [.text-message+&amp;]:mt-5\" dir=\"auto\" data-message-author-role=\"assistant\" data-message-id=\"8bb51c45-5dc6-4b82-9260-58952a1c3837\" data-message-model-slug=\"gpt-4o-mini\">\n<div class=\"flex w-full flex-col gap-1 empty:hidden first:pt-[3px]\">\n<h3 data-start=\"36\" data-end=\"84\"><strong data-start=\"36\" data-end=\"84\">Farba do interi\u00e9ru bezpe\u010dn\u00e1 pre va\u0161e zdravie<\/strong><\/h3>\n<p data-start=\"86\" data-end=\"480\">Ak sa rozhodnete ma\u013eova\u0165 steny svojpomocne, dbajte na to, aby farba bola bezpe\u010dn\u00e1 pre va\u0161e zdravie. V\u00fdber spr\u00e1vnej farby je nevyhnutn\u00fd aj v pr\u00edpade, \u017ee trp\u00edte alergiami. Je d\u00f4le\u017eit\u00e9, aby farby neobsahovali zlo\u017eky, ktor\u00e9 m\u00f4\u017eu vyvola\u0165 ne\u017eiaduce reakcie organizmu. Doteraz neboli vyvinut\u00e9 \u00faplne neutr\u00e1lne farby, ale v\u00fdrobcovia sa staraj\u00fa, aby v ich ponuke boli produkty s najbezpe\u010dnej\u0161\u00edm zlo\u017een\u00edm.<\/p>\n<h3 data-start=\"482\" data-end=\"513\"><strong data-start=\"482\" data-end=\"513\">Ako dosiahnu\u0165 hladk\u00fa stenu?<\/strong><\/h3>\n<p data-start=\"515\" data-end=\"869\">\u010eal\u0161\u00edm d\u00f4le\u017eit\u00fdm aspektom pri v\u00fdbere farby je jej fini\u0161. Predt\u00fdm, ne\u017e vyberieme konkr\u00e9tny produkt, je dobr\u00e9 pos\u00fadi\u0165 stav stien, ktor\u00e9 chceme natrie\u0165. Leskl\u00e9 a pololeskl\u00e9 farby bud\u00fa vyzera\u0165 dobre iba na hladk\u00fdch a rovnomern\u00fdch sten\u00e1ch. Ak steny maj\u00fa vidite\u013en\u00e9 nerovnosti, rozhodnite sa pre farbu s matn\u00fdm fini\u0161om, ktor\u00e9 dok\u00e1\u017eu zakry\u0165 drobn\u00e9 nedokonalosti.<\/p>\n<h3 data-start=\"871\" data-end=\"892\"><strong data-start=\"871\" data-end=\"892\">Ak\u00fa farbu vybra\u0165?<\/strong><\/h3>\n<p data-start=\"894\" data-end=\"1045\">Na t\u00fato ot\u00e1zku je vhodn\u00e9 odpoveda\u0165 po anal\u00fdze v\u0161etk\u00fdch predch\u00e1dzaj\u00facich bodov. V ponuke SANIER n\u00e1jdete \u0161irok\u00fa \u0161k\u00e1lu farieb, ktor\u00e9 splnia r\u00f4zne potreby.<\/p>\n<p data-start=\"1047\" data-end=\"1232\">Moment\u00e1lne m\u00e1me v ponuke farbu <strong data-start=\"1078\" data-end=\"1098\">CAPAROL Samtex 2<\/strong> za v\u00fdhodn\u00fa cenu. Ide o vysoko kvalitn\u00fd produkt navrhnut\u00fd pre profesion\u00e1lnych maliarov, no rovnako skvele sa osved\u010d\u00ed aj vo va\u0161om dome.<\/p>\n<p data-start=\"1234\" data-end=\"1635\"><strong data-start=\"1234\" data-end=\"1246\">Samtex 2<\/strong> je latexov\u00e1 farba s podkladov\u00fdm a vrchn\u00fdm n\u00e1terom ur\u010den\u00e1 na ma\u013eovanie interi\u00e9rov, ide\u00e1lna na steny a stropy. Tento produkt m\u00e1 skvel\u00e9 zlo\u017eenie, bez rozp\u00fa\u0161\u0165adiel a plastifik\u00e1torov, v\u010faka \u010domu prispieva k ochrane zdravia pou\u017e\u00edvate\u013eov ma\u013eovan\u00fdch miestnost\u00ed. Aj ke\u010f je <strong data-start=\"1511\" data-end=\"1531\">CAPAROL Samtex 2<\/strong> ur\u010den\u00fd pre profesion\u00e1lov, jeho aplik\u00e1cia je jednoduch\u00e1, \u013eahko sa rozotiera a nekladie odpor na val\u010deku.<\/p>\n<p data-start=\"1637\" data-end=\"1882\" data-is-last-node=\"\" data-is-only-node=\"\"><strong data-start=\"1637\" data-end=\"1649\">Samtex 2<\/strong> je ide\u00e1lny na rozsiahle maliarske pr\u00e1ce, kde z\u00e1le\u017e\u00ed na \u010dase. V\u010faka matn\u00e9mu fini\u0161u dok\u00e1\u017ee maskova\u0165 drobn\u00e9 nedokonalosti podkladu. Rovnomern\u00fd latexov\u00fd povlak umo\u017e\u0148uje dosiahnu\u0165 dobr\u00fa pri\u013enavos\u0165 a spr\u00e1vne latexov\u00e9 povlaky v bud\u00facnosti.<\/p>\n<\/div>\n<\/div>\n<\/div>\n<div class=\"mb-2 flex gap-3 empty:hidden -ml-2\">\n<div class=\"items-center justify-start rounded-xl p-1 flex\">\n<div class=\"flex items-center\"><\/div>\n<\/div>\n<\/div>\n<p>[\/vc_column_text][\/vc_column][\/vc_row][vc_row][vc_column width=\"1\/3\"][\/vc_column][vc_column width=\"1\/3\"][vc_hoverbox image=\"253972\" primary_title=\"\" hover_title=\"Samtex 2 \u2013 CAPAROL\" hover_btn_title=\"K\u00fapi\u0165\" hover_btn_color=\"sky\" css_animation=\"flipInX\" hover_add_button=\"true\" hover_btn_link=\"url:https%3A%2F%2Fwww.sanier.pl%2Fprodukt%2Fsamtex-2-paleta-10-sztuk-x-10-litrow-promocja%2F|title:Samtex%202%20%20%E2%80%93%20paleta%2010%20sztuk%20x%2010%20litr%C3%B3w%20PROMOCJA\"]Farba Caparol Samtex 2 je latexov\u00e1 farba s podkladov\u00fdm a vrchn\u00fdm n\u00e1terom, prisp\u00f4soben\u00e1 potreb\u00e1m profesion\u00e1lnych maliarov. Ide\u00e1lna na ma\u013eovanie interi\u00e9rov, na steny a stropy z hladk\u00fdch s\u00e1drov\u00fdch a sadrov\u00fdch tmelov, cementovo-v\u00e1penn\u00fdch alebo disperzn\u00fdch omietok, bet\u00f3nu, klinkerovej a silik\u00e1tovej tehly, sadrokart\u00f3nov\u00fdch dosiek. Rovnako aj na star\u00e9 povlaky matn\u00fdch disperzn\u00fdch farieb.[\/vc_hoverbox][\/vc_column][vc_column width=\"1\/3\"][\/vc_column][\/vc_row][vc_row][vc_column][vc_column_text][\/vc_column_text][vc_column_text]<\/p>\n<div class=\"flex max-w-full flex-col flex-grow\">\n<div class=\"min-h-8 text-message relative flex w-full flex-col items-end gap-2 whitespace-normal break-words text-start [.text-message+&amp;]:mt-5\" dir=\"auto\" data-message-author-role=\"assistant\" data-message-id=\"5cef27fe-3ee9-4d59-a5ec-e7aca760e008\" data-message-model-slug=\"gpt-4o-mini\">\n<div class=\"flex w-full flex-col gap-1 empty:hidden first:pt-[3px]\">\n<p data-start=\"36\" data-end=\"83\"><strong data-start=\"36\" data-end=\"83\">Pozor! Akcia plat\u00ed iba do vypredania z\u00e1sob.<\/strong><\/p>\n<p data-start=\"85\" data-end=\"215\">Ak m\u00e1te z\u00e1ujem o in\u00fa mno\u017estvo produktu, kontaktujte n\u00e1s na adrese <a rel=\"noopener\" data-start=\"151\" data-end=\"166\">sklep@sanier.pl<\/a> alebo na \u010d\u00edsle +48 697 691 472, +48 883 292 303.<\/p>\n<p data-start=\"217\" data-end=\"244\" data-is-last-node=\"\" data-is-only-node=\"\"><a href=\"https:\/\/www.sanier.pl\/wp-content\/uploads\/2020\/02\/TI_Samtex_2_PL.pdf\"><strong data-start=\"217\" data-end=\"244\" data-is-last-node=\"\">Technick\u00fd list Samtex 2<\/strong><\/a><\/p>\n<\/div>\n<\/div>\n<\/div>\n<div class=\"mb-2 flex gap-3 empty:hidden -ml-2\">\n<div class=\"items-center justify-start rounded-xl p-1 flex\">\n<div class=\"flex items-center\"><\/div>\n<\/div>\n<\/div>\n<p>[\/vc_column_text][\/vc_column][\/vc_row]<\/p>\n","protected":false},"author":55,"featured_media":270973,"menu_order":0,"comment_status":"open","ping_status":"closed","template":"","categories":[875],"tags":[],"class_list":["post-278675","knowledgebase","type-knowledgebase","status-publish","has-post-thumbnail","hentry","category-baza-wiedzy-sk"],"acf":[],"_links":{"self":[{"href":"https:\/\/www.sanier.pl\/sk\/wp-json\/wp\/v2\/knowledgebase\/278675","targetHints":{"allow":["GET"]}}],"collection":[{"href":"https:\/\/www.sanier.pl\/sk\/wp-json\/wp\/v2\/knowledgebase"}],"about":[{"href":"https:\/\/www.sanier.pl\/sk\/wp-json\/wp\/v2\/types\/knowledgebase"}],"author":[{"embeddable":true,"href":"https:\/\/www.sanier.pl\/sk\/wp-json\/wp\/v2\/users\/55"}],"replies":[{"embeddable":true,"href":"https:\/\/www.sanier.pl\/sk\/wp-json\/wp\/v2\/comments?post=278675"}],"version-history":[{"count":0,"href":"https:\/\/www.sanier.pl\/sk\/wp-json\/wp\/v2\/knowledgebase\/278675\/revisions"}],"wp:featuredmedia":[{"embeddable":true,"href":"https:\/\/www.sanier.pl\/sk\/wp-json\/wp\/v2\/media\/270973"}],"wp:attachment":[{"href":"https:\/\/www.sanier.pl\/sk\/wp-json\/wp\/v2\/media?parent=278675"}],"wp:term":[{"taxonomy":"category","embeddable":true,"href":"https:\/\/www.sanier.pl\/sk\/wp-json\/wp\/v2\/categories?post=278675"},{"taxonomy":"post_tag","embeddable":true,"href":"https:\/\/www.sanier.pl\/sk\/wp-json\/wp\/v2\/tags?post=278675"}],"curies":[{"name":"wp","href":"https:\/\/api.w.org\/{rel}","templated":true}]}}